{"id":38,"date":"2024-09-10T12:53:50","date_gmt":"2024-09-10T12:53:50","guid":{"rendered":"https:\/\/ferienwohnung-hafeninsel-stralsund-de.arkm.online\/?page_id=38"},"modified":"2025-02-25T09:04:03","modified_gmt":"2025-02-25T08:04:03","slug":"umgebung","status":"publish","type":"page","link":"https:\/\/www.ferienwohnung-hafeninsel-stralsund.de\/index.php\/umgebung\/","title":{"rendered":"Umgebung"},"content":{"rendered":"<div id='full_slider_1'  class='avia-fullwidth-slider main_color avia-shadow   avia-builder-el-0  el_before_av_layout_row  avia-builder-el-first   container_wrap sidebar_right'  ><div  class='avia-slideshow av-uq63i-e160d305c0018ec3ec7501285c37c9a4 avia-slideshow-featured av_slideshow_full avia-slide-slider av-slideshow-ui av-control-default av-slideshow-autoplay av-loop-endless av-loop-manual-endless av-default-height-applied   avia-slideshow-1' data-slideshow-options=\"{&quot;animation&quot;:&quot;slide&quot;,&quot;autoplay&quot;:true,&quot;loop_autoplay&quot;:&quot;endless&quot;,&quot;interval&quot;:4,&quot;loop_manual&quot;:&quot;manual-endless&quot;,&quot;autoplay_stopper&quot;:false,&quot;noNavigation&quot;:false,&quot;bg_slider&quot;:false,&quot;keep_padding&quot;:false,&quot;hoverpause&quot;:false,&quot;show_slide_delay&quot;:0}\"  itemprop=\"image\" itemscope=\"itemscope\" itemtype=\"https:\/\/schema.org\/ImageObject\" ><ul class='avia-slideshow-inner ' style='padding-bottom: 21.875%;'><li  class='avia-slideshow-slide av-uq63i-e160d305c0018ec3ec7501285c37c9a4__0  slide-1 slide-odd'><div data-rel='slideshow-1' class='avia-slide-wrap '   ><img decoding=\"async\" fetchpriority=\"high\" class=\"wp-image-83 avia-img-lazy-loading-not-83\"  src=\"https:\/\/www.ferienwohnung-hafeninsel-stralsund.de\/wp-content\/uploads\/2024\/09\/s2-hotel-kontorhaus_vombalkon.jpg\" width=\"960\" height=\"210\" title='s2 hotel-kontorhaus_vombalkon' alt=''  itemprop=\"thumbnailUrl\" srcset=\"https:\/\/www.ferienwohnung-hafeninsel-stralsund.de\/wp-content\/uploads\/2024\/09\/s2-hotel-kontorhaus_vombalkon.jpg 960w, https:\/\/www.ferienwohnung-hafeninsel-stralsund.de\/wp-content\/uploads\/2024\/09\/s2-hotel-kontorhaus_vombalkon-300x66.jpg 300w, https:\/\/www.ferienwohnung-hafeninsel-stralsund.de\/wp-content\/uploads\/2024\/09\/s2-hotel-kontorhaus_vombalkon-768x168.jpg 768w, https:\/\/www.ferienwohnung-hafeninsel-stralsund.de\/wp-content\/uploads\/2024\/09\/s2-hotel-kontorhaus_vombalkon-705x154.jpg 705w\" sizes=\"(max-width: 960px) 100vw, 960px\" \/><\/div><\/li><li  class='avia-slideshow-slide av-uq63i-e160d305c0018ec3ec7501285c37c9a4__1  slide-2 slide-even'><div data-rel='slideshow-1' class='avia-slide-wrap '   ><img decoding=\"async\" fetchpriority=\"high\" class=\"wp-image-84 avia-img-lazy-loading-not-84\"  src=\"https:\/\/www.ferienwohnung-hafeninsel-stralsund.de\/wp-content\/uploads\/2024\/09\/s3-mole.jpg\" width=\"960\" height=\"210\" title='s3 mole' alt=''  itemprop=\"thumbnailUrl\" srcset=\"https:\/\/www.ferienwohnung-hafeninsel-stralsund.de\/wp-content\/uploads\/2024\/09\/s3-mole.jpg 960w, https:\/\/www.ferienwohnung-hafeninsel-stralsund.de\/wp-content\/uploads\/2024\/09\/s3-mole-300x66.jpg 300w, https:\/\/www.ferienwohnung-hafeninsel-stralsund.de\/wp-content\/uploads\/2024\/09\/s3-mole-768x168.jpg 768w, https:\/\/www.ferienwohnung-hafeninsel-stralsund.de\/wp-content\/uploads\/2024\/09\/s3-mole-705x154.jpg 705w\" sizes=\"(max-width: 960px) 100vw, 960px\" \/><\/div><\/li><li  class='avia-slideshow-slide av-uq63i-e160d305c0018ec3ec7501285c37c9a4__2  slide-3 slide-odd'><div data-rel='slideshow-1' class='avia-slide-wrap '   ><img decoding=\"async\" fetchpriority=\"high\" class=\"wp-image-85 avia-img-lazy-loading-not-85\"  src=\"https:\/\/www.ferienwohnung-hafeninsel-stralsund.de\/wp-content\/uploads\/2024\/09\/s4-morgensilhouette.jpg\" width=\"960\" height=\"210\" title='s4 morgensilhouette' alt=''  itemprop=\"thumbnailUrl\" srcset=\"https:\/\/www.ferienwohnung-hafeninsel-stralsund.de\/wp-content\/uploads\/2024\/09\/s4-morgensilhouette.jpg 960w, https:\/\/www.ferienwohnung-hafeninsel-stralsund.de\/wp-content\/uploads\/2024\/09\/s4-morgensilhouette-300x66.jpg 300w, https:\/\/www.ferienwohnung-hafeninsel-stralsund.de\/wp-content\/uploads\/2024\/09\/s4-morgensilhouette-768x168.jpg 768w, https:\/\/www.ferienwohnung-hafeninsel-stralsund.de\/wp-content\/uploads\/2024\/09\/s4-morgensilhouette-705x154.jpg 705w\" sizes=\"(max-width: 960px) 100vw, 960px\" \/><\/div><\/li><li  class='avia-slideshow-slide av-uq63i-e160d305c0018ec3ec7501285c37c9a4__3  slide-4 slide-even'><div data-rel='slideshow-1' class='avia-slide-wrap '   ><img decoding=\"async\" fetchpriority=\"high\" class=\"wp-image-86 avia-img-lazy-loading-not-86\"  src=\"https:\/\/www.ferienwohnung-hafeninsel-stralsund.de\/wp-content\/uploads\/2024\/09\/s5-ozeaneum-stralsund.jpg\" width=\"960\" height=\"210\" title='s5 ozeaneum-stralsund' alt=''  itemprop=\"thumbnailUrl\" srcset=\"https:\/\/www.ferienwohnung-hafeninsel-stralsund.de\/wp-content\/uploads\/2024\/09\/s5-ozeaneum-stralsund.jpg 960w, https:\/\/www.ferienwohnung-hafeninsel-stralsund.de\/wp-content\/uploads\/2024\/09\/s5-ozeaneum-stralsund-300x66.jpg 300w, https:\/\/www.ferienwohnung-hafeninsel-stralsund.de\/wp-content\/uploads\/2024\/09\/s5-ozeaneum-stralsund-768x168.jpg 768w, https:\/\/www.ferienwohnung-hafeninsel-stralsund.de\/wp-content\/uploads\/2024\/09\/s5-ozeaneum-stralsund-705x154.jpg 705w\" sizes=\"(max-width: 960px) 100vw, 960px\" \/><\/div><\/li><\/ul><div class='avia-slideshow-arrows avia-slideshow-controls' ><a href='#prev' class='prev-slide ' aria-hidden='true' data-av_icon='\ue87c' data-av_iconfont='entypo-fontello'  tabindex='-1'>Zur\u00fcck<\/a><a href='#next' class='next-slide ' aria-hidden='true' data-av_icon='\ue87d' data-av_iconfont='entypo-fontello'  tabindex='-1'>Weiter<\/a><\/div><div class='avia-slideshow-dots avia-slideshow-controls'><a href='#1' class='goto-slide active' >1<\/a><a href='#2' class='goto-slide ' >2<\/a><a href='#3' class='goto-slide ' >3<\/a><a href='#4' class='goto-slide ' >4<\/a><\/div><\/div><\/div>\n<div id='av-layout-grid-1'  class='av-layout-grid-container av-r435e-3334a0ffd5d4430e11ead760f3993669 entry-content-wrapper main_color av-flex-cells  avia-builder-el-1  el_after_av_slideshow_full  avia-builder-el-last  grid-row-not-first  container_wrap sidebar_right'  >\n<div class='flex_cell av-qs0ta-4467b51ba0cf84ba4444d8d5dff5cee0 av-gridrow-cell av_three_fourth no_margin  avia-builder-el-2  el_before_av_cell_one_fourth  avia-builder-el-first '  ><div class='flex_cell_inner'><p>\n<style type=\"text\/css\" data-created_by=\"avia_inline_auto\" id=\"style-css-av-m13b4mnq-85ba7245e5ed6ea1fde1376fa4d48aff\">\n#top .av-special-heading.av-m13b4mnq-85ba7245e5ed6ea1fde1376fa4d48aff{\npadding-bottom:10px;\n}\nbody .av-special-heading.av-m13b4mnq-85ba7245e5ed6ea1fde1376fa4d48aff .av-special-heading-tag .heading-char{\nfont-size:25px;\n}\n.av-special-heading.av-m13b4mnq-85ba7245e5ed6ea1fde1376fa4d48aff .av-subheading{\nfont-size:15px;\n}\n<\/style>\n<div  class='av-special-heading av-m13b4mnq-85ba7245e5ed6ea1fde1376fa4d48aff av-special-heading-h1 blockquote modern-quote  avia-builder-el-3  el_before_av_hr  avia-builder-el-first '><h1 class='av-special-heading-tag '  itemprop=\"headline\"  >Stralsund und Umgebung<\/h1><div class=\"special-heading-border\"><div class=\"special-heading-inner-border\"><\/div><\/div><\/div><br \/>\n\n<style type=\"text\/css\" data-created_by=\"avia_inline_auto\" id=\"style-css-av-2lz1y-9481d764a612c4c0b49249f3740598b1\">\n#top .hr.hr-invisible.av-2lz1y-9481d764a612c4c0b49249f3740598b1{\nheight:50px;\n}\n<\/style>\n<div  class='hr av-2lz1y-9481d764a612c4c0b49249f3740598b1 hr-invisible  avia-builder-el-4  el_after_av_heading  el_before_av_textblock '><span class='hr-inner '><span class=\"hr-inner-style\"><\/span><\/span><\/div><br \/>\n<section  class='av_textblock_section av-2k2rm-b25cbdbd2631d7c1c04e2e9ac5d4f697 '   itemscope=\"itemscope\" itemtype=\"https:\/\/schema.org\/CreativeWork\" ><div class='avia_textblock'  itemprop=\"text\" ><p>Die alte Hansestadt Stralsund bietet eine ganze Reihe an Sehensw\u00fcrdigkeiten, Attraktionen, und Erlebnism\u00f6glichkeiten, die fast alle direkt vom Hotel in wenigen Minuten zu Fu\u00df erreichbar sind:<\/p>\n<ul>\n<li>nutzen Sie doch einmal die Gelegenheit f\u00fcr einen\u00a0<a href=\"http:\/\/www.stralsundtourismus.de\/\" target=\"_blank\" rel=\"noopener\">Rundgang durch die Altstadt<\/a><\/li>\n<li>oder besuchen Sie das neuer\u00f6ffnete\u00a0<a href=\"http:\/\/www.ozeaneum.de\/\" target=\"_blank\" rel=\"noopener\">Ozeaneum<\/a><\/li>\n<li>oder Sie besichtigen die\u00a0<a href=\"http:\/\/www.gorch-fock-stralsund.de\/\" target=\"_blank\" rel=\"noopener\">&#8222;Gorch Fock&#8220;<\/a>\u00a0und geniessen die Atmosph\u00e4re im Hafen, der schon so manches Mal als Filmkulisse genutzt wurde<\/li>\n<li><a href=\"http:\/\/gigapan.org\/gigapans\/91004\/\" target=\"_blank\" rel=\"noopener\"><b>Gigapixel Panorama:<\/b>\u00a0Stralsund &#8211; Blick auf die Hafeninsel<\/a><\/li>\n<\/ul>\n<p>Aber auch die Stralsunder Umgebung lockt, z.B.<\/p>\n<ul>\n<li style=\"list-style-type: none;\">\n<ul>\n<li>mit einem Abstecher nach\u00a0<a href=\"http:\/\/www.seebad-insel-hiddensee.de\/\" target=\"_blank\" rel=\"noopener\">Hiddensee<\/a><\/li>\n<li>einer Rundtour \u00fcber die\u00a0<a href=\"http:\/\/www.ruegen.de\/\" target=\"_blank\" rel=\"noopener\">Insel R\u00fcgen<\/a>\u00a0mit Kreidefelsen den Seeb\u00e4dern und Str\u00e4nden<\/li>\n<li>oder einem Segelt\u00f6rn auf dem Strelasund und rund um die Inseln:\u00a0<a href=\"http:\/\/www.strelasund-yachtcharter.de\/\" target=\"_blank\" rel=\"noopener\">Strelasund Yachtcharter<\/a><\/li>\n<\/ul>\n<\/li>\n<\/ul>\n<\/div><\/section><br \/>\n\n<style type=\"text\/css\" data-created_by=\"avia_inline_auto\" id=\"style-css-av-opf8q-57cda7bb0af9b5741f6afa732c791425\">\n#top .hr.hr-invisible.av-opf8q-57cda7bb0af9b5741f6afa732c791425{\nheight:50px;\n}\n<\/style>\n<div  class='hr av-opf8q-57cda7bb0af9b5741f6afa732c791425 hr-invisible  avia-builder-el-6  el_after_av_textblock  avia-builder-el-last '><span class='hr-inner '><span class=\"hr-inner-style\"><\/span><\/span><\/div><\/p>\n<\/div><\/div><div class='flex_cell av-1bq5u-c2325ba9df013f1c1cc14738b418d673 av-gridrow-cell av_one_fourth no_margin  avia-builder-el-7  el_after_av_cell_three_fourth  avia-builder-el-last '  ><div class='flex_cell_inner'><p>\n<style type=\"text\/css\" data-created_by=\"avia_inline_auto\" id=\"style-css-av-cq55u-997939668d46e990051c71af882ecc4c\">\n.flex_column.av-cq55u-997939668d46e990051c71af882ecc4c{\nborder-width:1px;\nborder-color:#b02b2c;\nborder-style:solid;\nbackground-color:#f8e6d8;\n}\n<\/style>\n<div  class='flex_column av-cq55u-997939668d46e990051c71af882ecc4c av_one_full  avia-builder-el-8  el_before_av_one_full  avia-builder-el-first  first flex_column_div  '     ><p>\n<style type=\"text\/css\" data-created_by=\"avia_inline_auto\" id=\"style-css-av-m70dak1r-393cb10136acdb1090c3f64d54f8aa9e\">\n.av_font_icon.av-m70dak1r-393cb10136acdb1090c3f64d54f8aa9e{\ncolor:#b02b2c;\nborder-color:#b02b2c;\n}\n.av_font_icon.av-m70dak1r-393cb10136acdb1090c3f64d54f8aa9e .av-icon-char{\nfont-size:40px;\nline-height:40px;\n}\n<\/style>\n<span  class='av_font_icon av-m70dak1r-393cb10136acdb1090c3f64d54f8aa9e avia_animate_when_visible av-icon-style- avia-icon-pos-center avia-icon-animate'><span class='av-icon-char' aria-hidden='true' data-av_icon='\ue854' data-av_iconfont='entypo-fontello' ><\/span><\/span><br \/>\n<div  class='avia-button-wrap avia-button-center  avia-builder-el-10  el_after_av_font_icon  avia-builder-el-last '>\n<style type=\"text\/css\" data-created_by=\"avia_inline_auto\" id=\"style-css-av-cda76-c556bf06176bce60b170c72a91e0c123\">\n#top #wrap_all .avia-button.av-cda76-c556bf06176bce60b170c72a91e0c123{\nfont-size:23px;\n}\n#top #wrap_all .avia-button.av-cda76-c556bf06176bce60b170c72a91e0c123:hover{\ncolor:white;\ntransition:all 0.4s ease-in-out;\n}\n<\/style>\n<a href='tel:+493831289819' class='avia-color-theme-color avia-font-color-theme-color avia-button avia-button-fullwidth av-cda76-c556bf06176bce60b170c72a91e0c123 avia-icon_select-no avia-color-theme-color'   aria-label=\" +49 3831 289819\"><span class='avia_iconbox_title' > +49 3831 289819<\/span><span class='avia_button_background avia-button avia-button-fullwidth avia-color-theme-color-highlight'><\/span><\/a><\/div><\/p><\/div>\n<style type=\"text\/css\" data-created_by=\"avia_inline_auto\" id=\"style-css-av-bvmea-b5b68b3af7ef41a062f4c3c2fb7a2f28\">\n.flex_column.av-bvmea-b5b68b3af7ef41a062f4c3c2fb7a2f28{\nborder-width:1px;\nborder-color:#b02b2c;\nborder-style:solid;\npadding:5px 5px 5px 5px;\nbackground-color:#f8e6d8;\n}\n<\/style>\n<div  class='flex_column av-bvmea-b5b68b3af7ef41a062f4c3c2fb7a2f28 av_one_full  avia-builder-el-11  el_after_av_one_full  el_before_av_hr  first flex_column_div  column-top-margin'     ><p>\n<style type=\"text\/css\" data-created_by=\"avia_inline_auto\" id=\"style-css-av-ba48u-b9b037e63c342ece7ae01831b8c8c2d0\">\n#top .av-special-heading.av-ba48u-b9b037e63c342ece7ae01831b8c8c2d0{\npadding-bottom:10px;\n}\nbody .av-special-heading.av-ba48u-b9b037e63c342ece7ae01831b8c8c2d0 .av-special-heading-tag .heading-char{\nfont-size:25px;\n}\n.av-special-heading.av-ba48u-b9b037e63c342ece7ae01831b8c8c2d0 .av-subheading{\nfont-size:15px;\n}\n<\/style>\n<div  class='av-special-heading av-ba48u-b9b037e63c342ece7ae01831b8c8c2d0 av-special-heading-h2 blockquote modern-quote  avia-builder-el-12  el_before_av_hr  avia-builder-el-first '><h2 class='av-special-heading-tag '  itemprop=\"headline\"  >Hotel Kontorhaus Stralsund<\/h2><div class=\"special-heading-border\"><div class=\"special-heading-inner-border\"><\/div><\/div><\/div><br \/>\n\n<style type=\"text\/css\" data-created_by=\"avia_inline_auto\" id=\"style-css-av-ah4q6-277cce6cb388c2de06d9a356b362f5e4\">\n#top .hr.hr-invisible.av-ah4q6-277cce6cb388c2de06d9a356b362f5e4{\nheight:10px;\n}\n<\/style>\n<div  class='hr av-ah4q6-277cce6cb388c2de06d9a356b362f5e4 hr-invisible  avia-builder-el-13  el_after_av_heading  el_before_av_image '><span class='hr-inner '><span class=\"hr-inner-style\"><\/span><\/span><\/div><br \/>\n\n<style type=\"text\/css\" data-created_by=\"avia_inline_auto\" id=\"style-css-av-9s1n2-514487a484e7fb44b6c41778b20d6eb6\">\n.avia-image-container.av-9s1n2-514487a484e7fb44b6c41778b20d6eb6 img.avia_image{\nbox-shadow:none;\n}\n.avia-image-container.av-9s1n2-514487a484e7fb44b6c41778b20d6eb6 .av-image-caption-overlay-center{\ncolor:#ffffff;\n}\n<\/style>\n<div  class='avia-image-container av-9s1n2-514487a484e7fb44b6c41778b20d6eb6 av-styling- avia-align-center  avia-builder-el-14  el_after_av_hr  el_before_av_hr '   itemprop=\"image\" itemscope=\"itemscope\" itemtype=\"https:\/\/schema.org\/ImageObject\" ><div class=\"avia-image-container-inner\"><div class=\"avia-image-overlay-wrap\"><img decoding=\"async\" fetchpriority=\"high\" class='wp-image-370 avia-img-lazy-loading-not-370 avia_image ' src=\"https:\/\/www.ferienwohnung-hafeninsel-stralsund.de\/wp-content\/uploads\/2025\/02\/Hotel-Kontorhaus-300x225.jpg\" alt='' title='Hotel Kontorhaus'  height=\"225\" width=\"300\"  itemprop=\"thumbnailUrl\" srcset=\"https:\/\/www.ferienwohnung-hafeninsel-stralsund.de\/wp-content\/uploads\/2025\/02\/Hotel-Kontorhaus-300x225.jpg 300w, https:\/\/www.ferienwohnung-hafeninsel-stralsund.de\/wp-content\/uploads\/2025\/02\/Hotel-Kontorhaus-1030x773.jpg 1030w, https:\/\/www.ferienwohnung-hafeninsel-stralsund.de\/wp-content\/uploads\/2025\/02\/Hotel-Kontorhaus-768x576.jpg 768w, https:\/\/www.ferienwohnung-hafeninsel-stralsund.de\/wp-content\/uploads\/2025\/02\/Hotel-Kontorhaus-1536x1152.jpg 1536w, https:\/\/www.ferienwohnung-hafeninsel-stralsund.de\/wp-content\/uploads\/2025\/02\/Hotel-Kontorhaus-1500x1125.jpg 1500w, https:\/\/www.ferienwohnung-hafeninsel-stralsund.de\/wp-content\/uploads\/2025\/02\/Hotel-Kontorhaus-705x529.jpg 705w, https:\/\/www.ferienwohnung-hafeninsel-stralsund.de\/wp-content\/uploads\/2025\/02\/Hotel-Kontorhaus.jpg 1817w\" sizes=\"(max-width: 300px) 100vw, 300px\" \/><\/div><\/div><\/div><br \/>\n\n<style type=\"text\/css\" data-created_by=\"avia_inline_auto\" id=\"style-css-av-98a2e-fcdea0503776aa2b51b77b90b714d2b7\">\n#top .hr.hr-invisible.av-98a2e-fcdea0503776aa2b51b77b90b714d2b7{\nheight:10px;\n}\n<\/style>\n<div  class='hr av-98a2e-fcdea0503776aa2b51b77b90b714d2b7 hr-invisible  avia-builder-el-15  el_after_av_image  el_before_av_button_big  avia-builder-el-last '><span class='hr-inner '><span class=\"hr-inner-style\"><\/span><\/span><\/div><br \/>\n<div  class='avia-button-wrap avia-button-center  avia-builder-el-16  el_after_av_hr  avia-builder-el-last '>\n<style type=\"text\/css\" data-created_by=\"avia_inline_auto\" id=\"style-css-av-8j3nu-121003b217284829cc968224467fea6a\">\n#top #wrap_all .avia-button.av-8j3nu-121003b217284829cc968224467fea6a{\nfont-size:14px;\n}\n#top #wrap_all .avia-button.av-8j3nu-121003b217284829cc968224467fea6a:hover{\ncolor:white;\ntransition:all 0.4s ease-in-out;\n}\n<\/style>\n<a href='https:\/\/hotel-kontorhaus-stralsund.de\/' class='avia-color-theme-color avia-font-color-theme-color avia-button avia-button-fullwidth av-8j3nu-121003b217284829cc968224467fea6a avia-icon_select-yes-left-icon avia-color-theme-color' target=\"_blank\" rel=\"noopener noreferrer\" aria-label=\"zum Hotel Kontorhaus\"><span class='avia_button_icon avia_button_icon_left' aria-hidden='true' data-av_icon='\ue827' data-av_iconfont='entypo-fontello'><\/span><span class='avia_iconbox_title' >zum Hotel Kontorhaus<\/span><span class='avia_button_background avia-button avia-button-fullwidth avia-color-theme-color-highlight'><\/span><\/a><\/div><\/p><\/div>\n<style type=\"text\/css\" data-created_by=\"avia_inline_auto\" id=\"style-css-av-7wvyy-8fbfe822411d1ed46430f4314d424e2c\">\n#top .hr.hr-invisible.av-7wvyy-8fbfe822411d1ed46430f4314d424e2c{\nheight:10px;\n}\n<\/style>\n<div  class='hr av-7wvyy-8fbfe822411d1ed46430f4314d424e2c hr-invisible  avia-builder-el-17  el_after_av_one_full  el_before_av_one_full '><span class='hr-inner '><span class=\"hr-inner-style\"><\/span><\/span><\/div><br \/>\n\n<style type=\"text\/css\" data-created_by=\"avia_inline_auto\" id=\"style-css-av-7a1tq-e5ccd4870c8700bcf11539dcf4fc46d5\">\n.flex_column.av-7a1tq-e5ccd4870c8700bcf11539dcf4fc46d5{\nborder-width:1px;\nborder-color:#b02b2c;\nborder-style:solid;\npadding:5px 5px 5px 5px;\nbackground-color:#f8e6d8;\n}\n<\/style>\n<div  class='flex_column av-7a1tq-e5ccd4870c8700bcf11539dcf4fc46d5 av_one_full  avia-builder-el-18  el_after_av_hr  el_before_av_hr  first flex_column_div  '     ><p>\n<style type=\"text\/css\" data-created_by=\"avia_inline_auto\" id=\"style-css-av-73pfi-4ff18ff20c651898ef1d595b8be06cfb\">\n#top .av-special-heading.av-73pfi-4ff18ff20c651898ef1d595b8be06cfb{\npadding-bottom:10px;\n}\nbody .av-special-heading.av-73pfi-4ff18ff20c651898ef1d595b8be06cfb .av-special-heading-tag .heading-char{\nfont-size:25px;\n}\n.av-special-heading.av-73pfi-4ff18ff20c651898ef1d595b8be06cfb .av-subheading{\nfont-size:15px;\n}\n<\/style>\n<div  class='av-special-heading av-73pfi-4ff18ff20c651898ef1d595b8be06cfb av-special-heading-h2 blockquote modern-quote  avia-builder-el-19  el_before_av_hr  avia-builder-el-first '><h2 class='av-special-heading-tag '  itemprop=\"headline\"  >Kontakt<\/h2><div class=\"special-heading-border\"><div class=\"special-heading-inner-border\"><\/div><\/div><\/div><br \/>\n\n<style type=\"text\/css\" data-created_by=\"avia_inline_auto\" id=\"style-css-av-6alii-51617452d2a9a45198d7eba0ae46276c\">\n#top .hr.hr-invisible.av-6alii-51617452d2a9a45198d7eba0ae46276c{\nheight:10px;\n}\n<\/style>\n<div  class='hr av-6alii-51617452d2a9a45198d7eba0ae46276c hr-invisible  avia-builder-el-20  el_after_av_heading  el_before_av_textblock '><span class='hr-inner '><span class=\"hr-inner-style\"><\/span><\/span><\/div><br \/>\n<section  class='av_textblock_section av-5u4gi-97b10314443646ec162e89804d5a172e '   itemscope=\"itemscope\" itemtype=\"https:\/\/schema.org\/CreativeWork\" ><div class='avia_textblock'  itemprop=\"text\" ><p><strong>Anfragen zur Verf\u00fcgbarkeiten und Buchungen unter:<\/strong><\/p>\n<p>Ferienwohnung auf der Hafeninsel Stralsund<br \/>\nRen\u00e9 Suske<br \/>\nAm Querkanal 1<br \/>\n18439 Stralsund<\/p>\n<p><a href=\"mailto:info@fewo-hafeninsel-stralsund.de\">info@fewo-hafeninsel-stralsund.de<\/a><\/p>\n<p>Telefonische Anfragen sind auch \u00fcber das Hotel Kontorhaus m\u00f6glich:<br \/>\nTel: <a href=\"tel:+3831289819\">03831-289819<\/a><\/p>\n<\/div><\/section><br \/>\n\n<style type=\"text\/css\" data-created_by=\"avia_inline_auto\" id=\"style-css-av-ja5y-39a700f2d3bae40e2f1f23dce4293b0d\">\n#top .hr.hr-invisible.av-ja5y-39a700f2d3bae40e2f1f23dce4293b0d{\nheight:10px;\n}\n<\/style>\n<div  class='hr av-ja5y-39a700f2d3bae40e2f1f23dce4293b0d hr-invisible  avia-builder-el-22  el_after_av_textblock  avia-builder-el-last '><span class='hr-inner '><span class=\"hr-inner-style\"><\/span><\/span><\/div><\/p><\/div>\n<style type=\"text\/css\" data-created_by=\"avia_inline_auto\" id=\"style-css-av-4cfqq-309189e2aa2da144e1a061d3771633aa\">\n#top .hr.hr-invisible.av-4cfqq-309189e2aa2da144e1a061d3771633aa{\nheight:10px;\n}\n<\/style>\n<div  class='hr av-4cfqq-309189e2aa2da144e1a061d3771633aa hr-invisible  avia-builder-el-23  el_after_av_one_full  el_before_av_one_full '><span class='hr-inner '><span class=\"hr-inner-style\"><\/span><\/span><\/div><br \/>\n\n<style type=\"text\/css\" data-created_by=\"avia_inline_auto\" id=\"style-css-av-dpjq-cf762c1999950e41c887b99222ecc053\">\n.flex_column.av-dpjq-cf762c1999950e41c887b99222ecc053{\nborder-width:1px;\nborder-color:#b02b2c;\nborder-style:solid;\npadding:5px 5px 5px 5px;\nbackground-color:#f8e6d8;\n}\n<\/style>\n<div  class='flex_column av-dpjq-cf762c1999950e41c887b99222ecc053 av_one_full  avia-builder-el-24  el_after_av_hr  avia-builder-el-last  first flex_column_div  '     ><p>\n<style type=\"text\/css\" data-created_by=\"avia_inline_auto\" id=\"style-css-av-3f2yy-cc4ae8b466a9d410f5036d6336e097c1\">\n#top .av-special-heading.av-3f2yy-cc4ae8b466a9d410f5036d6336e097c1{\npadding-bottom:10px;\n}\nbody .av-special-heading.av-3f2yy-cc4ae8b466a9d410f5036d6336e097c1 .av-special-heading-tag .heading-char{\nfont-size:25px;\n}\n.av-special-heading.av-3f2yy-cc4ae8b466a9d410f5036d6336e097c1 .av-subheading{\nfont-size:15px;\n}\n<\/style>\n<div  class='av-special-heading av-3f2yy-cc4ae8b466a9d410f5036d6336e097c1 av-special-heading-h2 blockquote modern-quote  avia-builder-el-25  el_before_av_hr  avia-builder-el-first '><h2 class='av-special-heading-tag '  itemprop=\"headline\"  >Anfahrt<\/h2><div class=\"special-heading-border\"><div class=\"special-heading-inner-border\"><\/div><\/div><\/div><br \/>\n\n<style type=\"text\/css\" data-created_by=\"avia_inline_auto\" id=\"style-css-av-2rlr6-8ddfc25b7691492bc4b8ab2208fe55c2\">\n#top .hr.hr-invisible.av-2rlr6-8ddfc25b7691492bc4b8ab2208fe55c2{\nheight:10px;\n}\n<\/style>\n<div  class='hr av-2rlr6-8ddfc25b7691492bc4b8ab2208fe55c2 hr-invisible  avia-builder-el-26  el_after_av_heading  el_before_av_image '><span class='hr-inner '><span class=\"hr-inner-style\"><\/span><\/span><\/div><br \/>\n\n<style type=\"text\/css\" data-created_by=\"avia_inline_auto\" id=\"style-css-av-233vy-ce0921942c5f4f4001136364706818b8\">\n.avia-image-container.av-233vy-ce0921942c5f4f4001136364706818b8 img.avia_image{\nbox-shadow:none;\n}\n.avia-image-container.av-233vy-ce0921942c5f4f4001136364706818b8 .av-image-caption-overlay-center{\ncolor:#ffffff;\n}\n<\/style>\n<div  class='avia-image-container av-233vy-ce0921942c5f4f4001136364706818b8 av-styling- avia-align-center  avia-builder-el-27  el_after_av_hr  el_before_av_textblock '   itemprop=\"image\" itemscope=\"itemscope\" itemtype=\"https:\/\/schema.org\/ImageObject\" ><div class=\"avia-image-container-inner\"><div class=\"avia-image-overlay-wrap\"><img decoding=\"async\" fetchpriority=\"high\" class='wp-image-131 avia-img-lazy-loading-not-131 avia_image ' src=\"https:\/\/www.ferienwohnung-hafeninsel-stralsund.de\/wp-content\/uploads\/2024\/09\/anfahrtsskizze_klein-1030x674.png\" alt='' title='anfahrtsskizze_klein'  height=\"674\" width=\"1030\"  itemprop=\"thumbnailUrl\" srcset=\"https:\/\/www.ferienwohnung-hafeninsel-stralsund.de\/wp-content\/uploads\/2024\/09\/anfahrtsskizze_klein-1030x674.png 1030w, https:\/\/www.ferienwohnung-hafeninsel-stralsund.de\/wp-content\/uploads\/2024\/09\/anfahrtsskizze_klein-300x196.png 300w, https:\/\/www.ferienwohnung-hafeninsel-stralsund.de\/wp-content\/uploads\/2024\/09\/anfahrtsskizze_klein-768x502.png 768w, https:\/\/www.ferienwohnung-hafeninsel-stralsund.de\/wp-content\/uploads\/2024\/09\/anfahrtsskizze_klein-705x461.png 705w, https:\/\/www.ferienwohnung-hafeninsel-stralsund.de\/wp-content\/uploads\/2024\/09\/anfahrtsskizze_klein.png 1231w\" sizes=\"(max-width: 1030px) 100vw, 1030px\" \/><\/div><\/div><\/div><br \/>\n<section  class='av_textblock_section av-5hy2-8ba26a7aabe02ce10809261d56a64b95 '   itemscope=\"itemscope\" itemtype=\"https:\/\/schema.org\/CreativeWork\" ><div class='avia_textblock'  itemprop=\"text\" ><p><a href=\"https:\/\/www.ferienwohnung-hafeninsel-stralsund.de\/index.php\/anfahrt-und-lage\/\">Anfahrt und Lage<\/a><\/p>\n<\/div><\/section><br \/>\n\n<style type=\"text\/css\" data-created_by=\"avia_inline_auto\" id=\"style-css-av-2yl6-f9d4f39b5b3dd95f13a401febfaf0685\">\n#top .hr.hr-invisible.av-2yl6-f9d4f39b5b3dd95f13a401febfaf0685{\nheight:10px;\n}\n<\/style>\n<div  class='hr av-2yl6-f9d4f39b5b3dd95f13a401febfaf0685 hr-invisible  avia-builder-el-29  el_after_av_textblock  avia-builder-el-last '><span class='hr-inner '><span class=\"hr-inner-style\"><\/span><\/span><\/div><\/p><\/div><\/p>\n<\/div><\/div><\/div>\n","protected":false},"excerpt":{"rendered":"","protected":false},"author":1,"featured_media":0,"parent":0,"menu_order":0,"comment_status":"closed","ping_status":"closed","template":"","meta":{"footnotes":""},"class_list":["post-38","page","type-page","status-publish","hentry"],"_links":{"self":[{"href":"https:\/\/www.ferienwohnung-hafeninsel-stralsund.de\/index.php\/wp-json\/wp\/v2\/pages\/38","targetHints":{"allow":["GET"]}}],"collection":[{"href":"https:\/\/www.ferienwohnung-hafeninsel-stralsund.de\/index.php\/wp-json\/wp\/v2\/pages"}],"about":[{"href":"https:\/\/www.ferienwohnung-hafeninsel-stralsund.de\/index.php\/wp-json\/wp\/v2\/types\/page"}],"author":[{"embeddable":true,"href":"https:\/\/www.ferienwohnung-hafeninsel-stralsund.de\/index.php\/wp-json\/wp\/v2\/users\/1"}],"replies":[{"embeddable":true,"href":"https:\/\/www.ferienwohnung-hafeninsel-stralsund.de\/index.php\/wp-json\/wp\/v2\/comments?post=38"}],"version-history":[{"count":20,"href":"https:\/\/www.ferienwohnung-hafeninsel-stralsund.de\/index.php\/wp-json\/wp\/v2\/pages\/38\/revisions"}],"predecessor-version":[{"id":420,"href":"https:\/\/www.ferienwohnung-hafeninsel-stralsund.de\/index.php\/wp-json\/wp\/v2\/pages\/38\/revisions\/420"}],"wp:attachment":[{"href":"https:\/\/www.ferienwohnung-hafeninsel-stralsund.de\/index.php\/wp-json\/wp\/v2\/media?parent=38"}],"curies":[{"name":"wp","href":"https:\/\/api.w.org\/{rel}","templated":true}]}}